{"id":539,"date":"2012-04-26T13:37:56","date_gmt":"2012-04-26T13:37:56","guid":{"rendered":"http:\/\/suedosteuropaeische-hefte.org\/?page_id=539"},"modified":"2016-03-13T12:23:53","modified_gmt":"2016-03-13T12:23:53","slug":"jg-1-nr-1","status":"publish","type":"page","link":"https:\/\/suedosteuropaeische-hefte.org\/?page_id=539","title":{"rendered":"Jg. 1, Nr. 1"},"content":{"rendered":"<p><span style=\"color: #800000;\"><a style=\"color: #800000;\" title=\"Editorial\" href=\"\/\/suedosteuropaeischehefte.files.wordpress.com\/2012\/04\/editorial.pdf\" target=\"_blank\"><strong>Editorial<\/strong><\/a><\/span><a title=\"S\u00fcdosteurop\u00e4ische Hefte, Jg. 1, Nr.\u00a01\" href=\"https:\/\/suedosteuropaeische-hefte.org\/wp-content\/uploads\/2012\/05\/suedosteuropaeische_hefte_2012_jg-1_nr-1.pdf\" target=\"_blank\"><img loading=\"lazy\" decoding=\"async\" class=\"alignright wp-image-69\" title=\"S\u00fcdosteurop\u00e4ische Hefte, Jg. 1, Nr. 1 (Gesamte Ausgabe)\" src=\"https:\/\/suedosteuropaeische-hefte.org\/wp-content\/uploads\/2012\/04\/1-11.jpg?w=211\" alt=\"\" width=\"135\" height=\"192\" srcset=\"https:\/\/suedosteuropaeische-hefte.org\/wp-content\/uploads\/2012\/04\/1-11.jpg 422w, https:\/\/suedosteuropaeische-hefte.org\/wp-content\/uploads\/2012\/04\/1-11-211x300.jpg 211w\" sizes=\"auto, (max-width: 135px) 100vw, 135px\" \/><\/a><\/p>\n<p><span style=\"color: #800000;\"><strong>Beitr\u00e4ge<\/strong><\/span><\/p>\n<p style=\"padding-left: 30px; text-align: justify;\"><strong>Holm Sundhaussen<\/strong><br \/>\n<span style=\"color: #800000;\"><a style=\"color: #800000;\" href=\"https:\/\/suedosteuropaeische-hefte.org\/?page_id=887\"><strong>S\u00fcdosteurop\u00e4ische Geschichte in Berlin<\/strong><\/a><\/span><\/p>\n<p style=\"padding-left: 30px; text-align: justify;\"><strong>Robert Lu\u010di\u0107 und \u0110or\u0111e Tomi\u0107<\/strong><br \/>\n<span style=\"color: #800000;\"><strong><a style=\"color: #800000;\" href=\"https:\/\/suedosteuropaeische-hefte.org\/?page_id=891\">Vom Bauern zum \u2018Benzinsman\u2019.\u00a0Schmuggelpraktiken im Alltag der Somborer Grenzregion zu Beginn der 1990er Jahre<\/a><br \/>\n<\/strong><\/span><\/p>\n<p style=\"padding-left: 30px; text-align: justify;\"><strong>Stefan Pavleski<\/strong><br \/>\n<span style=\"color: #800000;\"><strong><a style=\"color: #800000;\" href=\"https:\/\/suedosteuropaeische-hefte.org\/?page_id=892\">Die Arbeitslosigkeit in Mazedonien.\u00a0Herausforderungen f\u00fcr eine reale Beitritts- und Integrationspolitik der EU<\/a><br \/>\n<\/strong><\/span><\/p>\n<p style=\"padding-left: 30px; text-align: justify;\"><strong>Ksenija Cvetkovi\u0107-Sander<\/strong><br \/>\n<span style=\"color: #800000;\"><strong><a style=\"color: #800000;\" href=\"https:\/\/suedosteuropaeische-hefte.org\/?page_id=898\">Die unm\u00f6gliche Nation.\u00a0Jugoslawen im Land von \u201eBr\u00fcderlichkeit und Einheit\u201c<\/a><br \/>\n<\/strong><\/span><\/p>\n<p style=\"padding-left: 30px; text-align: justify;\"><strong>Claudia Lichnofsky<\/strong><br \/>\n<strong><span style=\"color: #800000;\"><a style=\"color: #800000;\" href=\"https:\/\/suedosteuropaeische-hefte.org\/?page_id=902\">Identifizierungsprozesse muslimischer Nicht-Albaner im Kosovo und ihre Strategien der politischen und sozialen Verortung seit 1999. Das Beispiel der Ashkali<\/a><\/span><br \/>\n<\/strong><\/p>\n<p style=\"padding-left: 30px; text-align: justify;\"><strong>Roland Zsch\u00e4chner<\/strong><br \/>\n<span style=\"color: #800000;\"><strong><a style=\"color: #800000;\" href=\"https:\/\/suedosteuropaeische-hefte.org\/?page_id=906\">Erinnerung an den Zweiten Weltkrieg.\u00a0&#8218;Savez antifa\u0161ista Srbije&#8216; als Akteur des Erinnerns in Serbien<\/a><br \/>\n<\/strong><\/span><\/p>\n<p style=\"padding-left: 30px; text-align: justify;\"><strong>\u0110or\u0111e Tomi\u0107 und Krunoslav Stojakovi\u0107<\/strong><br \/>\n<span style=\"color: #800000;\"><strong><a style=\"color: #800000;\" href=\"https:\/\/suedosteuropaeische-hefte.org\/?page_id=910\">Aus der Geschichte der jugoslawischen Linken.\u00a0Von den Anf\u00e4ngen im 19. Jahrhundert bis zum Ausbruch des Zweiten Weltkrieges \u2013 Desideratsskizze(n)<\/a><br \/>\n<\/strong><\/span><\/p>\n<p><span style=\"color: #800000;\"><strong>Essays und Berichte<\/strong><\/span><\/p>\n<p style=\"padding-left: 30px; text-align: justify;\"><strong>Marija Vulesica<\/strong><br \/>\n<span style=\"color: #800000;\"><strong><a style=\"color: #800000;\" href=\"https:\/\/suedosteuropaeische-hefte.org\/?page_id=914\">\u00dcberlegungen zu einer J\u00fcdischen Geschichte oder zur Geschichte der Juden in S\u00fcdosteuropa<\/a>\u00a0\u00a0 \u00a0<\/strong><\/span><\/p>\n<p style=\"padding-left: 30px; text-align: justify;\"><strong>Svetlana Burmistr<\/strong><br \/>\n<span style=\"color: #800000;\"><strong><a style=\"color: #800000;\" href=\"https:\/\/suedosteuropaeische-hefte.org\/?page_id=918\">Holocaust in S\u00fcdosteuropa.\u00a0Forschungsfragen und Perspektiven<\/a><br \/>\n<\/strong><\/span><\/p>\n<p style=\"padding-left: 30px; text-align: justify;\"><strong>Ru\u017ea Toki\u0107<\/strong><br \/>\n<span style=\"color: #800000;\"><a style=\"color: #800000;\" href=\"https:\/\/suedosteuropaeische-hefte.org\/?page_id=922\"><strong>\u2019Traditional bonds between Orthodox brothers\u2019. Notions of Greek-Serbian friendship<\/strong><\/a><\/span><\/p>\n<p style=\"padding-left: 30px; text-align: justify;\"><strong>Bojana Meyn<\/strong><br \/>\n<span style=\"color: #800000;\"><a style=\"color: #800000;\" href=\"https:\/\/suedosteuropaeische-hefte.org\/?page_id=926\"><strong>Forschung in der \u201eSaison der Streiks\u201c. Ein Erfahrungsbericht<\/strong><\/a><\/span><\/p>\n<p style=\"padding-left: 30px; text-align: justify;\"><strong>Ivan Br\u010di\u0107<\/strong><br \/>\n<span style=\"color: #800000;\"><a style=\"color: #800000;\" href=\"https:\/\/suedosteuropaeische-hefte.org\/?page_id=929\"><strong>\u201eVers\u00f6hnung auf dem Balkan \u2013 rechtliche und politische Fragen\u201c. Berlin, 27.01.2012, Osteuropa-Institut der Freien Universit\u00e4t Berlin: Tagungsbericht<\/strong><\/a><\/span><\/p>\n<p><span style=\"color: #800000;\"><strong>Rezensionen<\/strong><\/span><\/p>\n<p style=\"padding-left: 30px; text-align: justify;\"><strong>Marija Vulesica<\/strong><br \/>\n<a href=\"https:\/\/suedosteuropaeische-hefte.org\/?p=489\"><span style=\"color: #993300;\"><span style=\"color: #993300;\"><strong><span style=\"color: #800000;\">Greble, Emily (2011): Sarajevo, 1941\u20131945. Muslims, Christians, and Jews in Hitler\u00b4s Europe. Ithaca; London: Cornell University Press, 276 Seiten, ISBN: 978-0-8014-4921-5<\/span><\/strong><\/span><\/span><strong>.<\/strong><\/a><\/p>\n<p style=\"padding-left: 30px; text-align: justify;\"><strong>Krunoslav Stojakovi\u0107<\/strong><br \/>\n<span style=\"color: #800000;\"><strong><span style=\"color: #800000;\"><a style=\"color: #800000;\" href=\"https:\/\/suedosteuropaeische-hefte.org\/?p=482\">Kanzleiter, Boris (2011): Die \u201eRote Universit\u00e4t\u201c. Studentenbewegung und Linksopposition in Belgrad 1964-1975. Hamburg: VSA-Verlag, 488 Seiten, ISBN: 978-3-89965-461-5.<\/a><\/span><br \/>\n<\/strong><\/span><\/p>\n<p><span style=\"color: #800000;\"><a style=\"color: #800000;\" href=\"https:\/\/suedosteuropaeische-hefte.org\/wp-content\/uploads\/2012\/04\/neuerscheinungen2.pdf\" target=\"_blank\"><strong>Neuerscheinungen<\/strong><\/a><strong>\u00a0\u00a0 \u00a0<\/strong><\/span><\/p>\n<p><span style=\"color: #800000;\"><a style=\"color: #800000;\" href=\"https:\/\/suedosteuropaeische-hefte.org\/?p=476\"><strong>Autor_innen<\/strong><\/a><\/span><\/p>\n<p><strong><span style=\"color: #800000;\"><a style=\"color: #800000;\" title=\"S\u00fcdosteurop\u00e4ische Hefte, Jg. 1, Nr.\u00a01\" href=\"https:\/\/suedosteuropaeische-hefte.org\/wp-content\/uploads\/2012\/05\/suedosteuropaeische_hefte_2012_jg-1_nr-1.pdf\" target=\"_blank\">D o w n l o a d<\/a><\/span><span style=\"color: #ff0000;\">\u00a0<span style=\"color: #000000;\"> der\u00a0 gesamten Ausgabe als <span style=\"color: #800000;\"><a style=\"color: #800000;\" href=\"https:\/\/suedosteuropaeische-hefte.org\/wp-content\/uploads\/2012\/05\/suedosteuropaeische_hefte_2012_jg-1_nr-1.pdf\" target=\"_blank\">pdf-Datei<\/a><\/span>.<\/span> <a href=\"https:\/\/suedosteuropaeische-hefte.org\/wp-content\/uploads\/2012\/05\/suedosteuropaeische_hefte_2012_jg-1_nr-1.pdf\" target=\"_blank\"><img loading=\"lazy\" decoding=\"async\" class=\"wp-image-180 alignnone\" title=\"pdf\" src=\"https:\/\/suedosteuropaeische-hefte.org\/wp-content\/uploads\/2012\/09\/pdf.png\" alt=\"\" width=\"30\" height=\"32\" \/><\/a><\/span><\/strong><\/p>\n<p>&nbsp;<\/p>\n<p><img loading=\"lazy\" decoding=\"async\" src=\"http:\/\/vg08.met.vgwort.de\/na\/c866a0faa143472fa3d8695349d63532\" alt=\"\" width=\"1\" height=\"1\" \/><\/p>\n","protected":false},"excerpt":{"rendered":"<p>Editorial Beitr\u00e4ge Holm Sundhaussen S\u00fcdosteurop\u00e4ische Geschichte in Berlin Robert Lu\u010di\u0107 und \u0110or\u0111e Tomi\u0107 Vom Bauern zum \u2018Benzinsman\u2019.\u00a0Schmuggelpraktiken im Alltag der Somborer Grenzregion zu Beginn der 1990er Jahre Stefan Pavleski Die Arbeitslosigkeit in Mazedonien.\u00a0Herausforderungen f\u00fcr eine reale Beitritts- und Integrationspolitik der EU Ksenija Cvetkovi\u0107-Sander Die unm\u00f6gliche Nation.\u00a0Jugoslawen im Land von \u201eBr\u00fcderlichkeit und Einheit\u201c Claudia Lichnofsky Identifizierungsprozesse &hellip; <a href=\"https:\/\/suedosteuropaeische-hefte.org\/?page_id=539\" class=\"more-link\"><span class=\"screen-reader-text\">Jg. 1, Nr. 1<\/span> weiterlesen <span class=\"meta-nav\">&rarr;<\/span><\/a><\/p>\n","protected":false},"author":1,"featured_media":0,"parent":523,"menu_order":6,"comment_status":"closed","ping_status":"closed","template":"","meta":{"footnotes":""},"class_list":["post-539","page","type-page","status-publish","hentry"],"_links":{"self":[{"href":"https:\/\/suedosteuropaeische-hefte.org\/index.php?rest_route=\/wp\/v2\/pages\/539","targetHints":{"allow":["GET"]}}],"collection":[{"href":"https:\/\/suedosteuropaeische-hefte.org\/index.php?rest_route=\/wp\/v2\/pages"}],"about":[{"href":"https:\/\/suedosteuropaeische-hefte.org\/index.php?rest_route=\/wp\/v2\/types\/page"}],"author":[{"embeddable":true,"href":"https:\/\/suedosteuropaeische-hefte.org\/index.php?rest_route=\/wp\/v2\/users\/1"}],"replies":[{"embeddable":true,"href":"https:\/\/suedosteuropaeische-hefte.org\/index.php?rest_route=%2Fwp%2Fv2%2Fcomments&post=539"}],"version-history":[{"count":6,"href":"https:\/\/suedosteuropaeische-hefte.org\/index.php?rest_route=\/wp\/v2\/pages\/539\/revisions"}],"predecessor-version":[{"id":934,"href":"https:\/\/suedosteuropaeische-hefte.org\/index.php?rest_route=\/wp\/v2\/pages\/539\/revisions\/934"}],"up":[{"embeddable":true,"href":"https:\/\/suedosteuropaeische-hefte.org\/index.php?rest_route=\/wp\/v2\/pages\/523"}],"wp:attachment":[{"href":"https:\/\/suedosteuropaeische-hefte.org\/index.php?rest_route=%2Fwp%2Fv2%2Fmedia&parent=539"}],"curies":[{"name":"wp","href":"https:\/\/api.w.org\/{rel}","templated":true}]}}